{"id":73,"date":"2024-11-25T19:51:28","date_gmt":"2024-11-25T16:51:28","guid":{"rendered":"https:\/\/kbb2025.org\/?page_id=73"},"modified":"2024-12-16T17:23:54","modified_gmt":"2024-12-16T14:23:54","slug":"genel-bilgiler","status":"publish","type":"page","link":"https:\/\/kbb2025.org\/en\/genel-bilgiler\/","title":{"rendered":"General Info"},"content":{"rendered":"<p>[et_pb_section fb_built=&#8221;1&#8243; fullwidth=&#8221;on&#8221; _builder_version=&#8221;4.17.4&#8243; _module_preset=&#8221;default&#8221; background_color=&#8221;#f5821f&#8221; global_colors_info=&#8221;{}&#8221;][et_pb_fullwidth_post_title meta=&#8221;off&#8221; featured_image=&#8221;off&#8221; _builder_version=&#8221;4.17.4&#8243; _module_preset=&#8221;default&#8221; title_font=&#8221;|700|||||||&#8221; title_text_color=&#8221;#000000&#8243; custom_margin=&#8221;||||false|false&#8221; custom_padding=&#8221;130px||10px||false|false&#8221; global_colors_info=&#8221;{}&#8221;][\/et_pb_fullwidth_post_title][\/et_pb_section][et_pb_section fb_built=&#8221;1&#8243; _builder_version=&#8221;4.17.4&#8243; _module_preset=&#8221;default&#8221; global_colors_info=&#8221;{}&#8221;][et_pb_row _builder_version=&#8221;4.17.4&#8243; _module_preset=&#8221;default&#8221; global_colors_info=&#8221;{}&#8221;][et_pb_column type=&#8221;4_4&#8243; _builder_version=&#8221;4.17.4&#8243; _module_preset=&#8221;default&#8221; global_colors_info=&#8221;{}&#8221;][et_pb_text _builder_version=&#8221;4.17.4&#8243; _module_preset=&#8221;default&#8221; hover_enabled=&#8221;0&#8243; global_colors_info=&#8221;{}&#8221; sticky_enabled=&#8221;0&#8243;]<\/p>\n<p><strong>Kongre Tarihi ve Yeri<\/strong><br \/>46. T\u00fcrk Ulusal Kulak Burun Bo\u011faz ve Ba\u015f Boyun Cerrahisi Kongresi, 05 Kas\u0131m \u2013 09 Kas\u0131m 2025 tarihleri aras\u0131nda Limak Otel Kongre Merkezi, K\u0131br\u0131s\u2018da d\u00fczenlenecektir.<\/p>\n<p><strong>Kongre Dili<\/strong><br \/>Kongrenin resmi dili T\u00fcrk\u00e7e\u2019dir. Kongre s\u00fcresince bilimsel program do\u011frultusunda yer alan baz\u0131 oturumlarda T\u00fcrk\u00e7e\u2019den \u0130ngilizce\u2019ye, \u0130ngilizce\u2019den T\u00fcrk\u00e7e\u2019ye simultane \u00e7eviri yap\u0131labilir.<\/p>\n<p><strong>Kay\u0131t Masalar\u0131<\/strong><br \/>T\u00fcm kay\u0131t masalar\u0131m\u0131z 05 Kas\u0131m itibariyle \u00e7al\u0131\u015fmaya ba\u015flayacak olup 09 Kas\u0131m tarihinde ak\u015fam kapanacakt\u0131r. T\u00fcm otellerde misafirlerimiz D Event personeli taraf\u0131ndan kar\u015f\u0131lanacakt\u0131r.<\/p>\n<p><strong>Yaka Kart\u0131<\/strong><br \/>T\u00fcm kat\u0131l\u0131mc\u0131lar\u0131 kay\u0131t esnas\u0131nda yaka kart\u0131 verilecektir. Kongre d\u00fczeninin sa\u011flanabilmesi i\u00e7in yaka kartlar\u0131n\u0131n s\u00fcrekli tak\u0131lmas\u0131 rica olunur.<\/p>\n<p><strong>Kat\u0131l\u0131m Sertifikas\u0131<\/strong><br \/>T\u00fcm kat\u0131l\u0131mc\u0131lar kat\u0131l\u0131m sertifikalar\u0131n\u0131 08 Kas\u0131m 2025 tarihinde saat 12:00 itibariyle kongre merkezinde bulunan kiosklardan yaka kartlar\u0131n\u0131n arkalar\u0131nda yer alan barkodlar\u0131 okutarak alabileceklerdir.<\/p>\n<p><strong>Kredilendirme<\/strong><br \/>Kongrenin t\u00fcm oturumlar\u0131 ve kurslar T\u00fcrk Tabipler Birli\u011fi S\u00fcrekli T\u0131p E\u011fitimi Kredilendirme Kurulu taraf\u0131ndan kredilendirilecektir.<\/p>\n<p><strong>\u0130zinler<\/strong><br \/>Kongre kat\u0131l\u0131m\u0131 i\u00e7in kurumlara verilmek \u00fczere talep edilecek kongre davet yaz\u0131lar\u0131 Kongre Sekreterli\u011fi arac\u0131l\u0131\u011f\u0131 ile isteyen kat\u0131l\u0131mc\u0131lara g\u00f6nderilecektir. Bu t\u00fcr davet yaz\u0131lar\u0131 sadece izin amac\u0131 ile kullan\u0131labilir. Bu t\u00fcr davet mektubu sahibi misafirlerin kay\u0131t ve konaklama \u00fccretleri kendilerine aittir.<\/p>\n<p>[\/et_pb_text][\/et_pb_column][\/et_pb_row][\/et_pb_section]<\/p>\n","protected":false},"excerpt":{"rendered":"<p>Kongre Tarihi ve Yeri46. T\u00fcrk Ulusal Kulak Burun Bo\u011faz ve Ba\u015f Boyun Cerrahisi Kongresi, 05 Kas\u0131m \u2013 09 Kas\u0131m 2025 tarihleri aras\u0131nda Limak Otel Kongre Merkezi, K\u0131br\u0131s\u2018da d\u00fczenlenecektir. Kongre DiliKongrenin resmi dili T\u00fcrk\u00e7e\u2019dir. Kongre s\u00fcresince bilimsel program do\u011frultusunda yer alan baz\u0131 oturumlarda T\u00fcrk\u00e7e\u2019den \u0130ngilizce\u2019ye, \u0130ngilizce\u2019den T\u00fcrk\u00e7e\u2019ye simultane \u00e7eviri yap\u0131labilir. Kay\u0131t Masalar\u0131T\u00fcm kay\u0131t masalar\u0131m\u0131z 05 Kas\u0131m [&hellip;]<\/p>\n","protected":false},"author":1,"featured_media":0,"parent":0,"menu_order":0,"comment_status":"closed","ping_status":"closed","template":"","meta":{"_et_pb_use_builder":"on","_et_pb_old_content":"","_et_gb_content_width":"","footnotes":""},"class_list":["post-73","page","type-page","status-publish","hentry"],"_links":{"self":[{"href":"https:\/\/kbb2025.org\/en\/wp-json\/wp\/v2\/pages\/73","targetHints":{"allow":["GET"]}}],"collection":[{"href":"https:\/\/kbb2025.org\/en\/wp-json\/wp\/v2\/pages"}],"about":[{"href":"https:\/\/kbb2025.org\/en\/wp-json\/wp\/v2\/types\/page"}],"author":[{"embeddable":true,"href":"https:\/\/kbb2025.org\/en\/wp-json\/wp\/v2\/users\/1"}],"replies":[{"embeddable":true,"href":"https:\/\/kbb2025.org\/en\/wp-json\/wp\/v2\/comments?post=73"}],"version-history":[{"count":2,"href":"https:\/\/kbb2025.org\/en\/wp-json\/wp\/v2\/pages\/73\/revisions"}],"predecessor-version":[{"id":98,"href":"https:\/\/kbb2025.org\/en\/wp-json\/wp\/v2\/pages\/73\/revisions\/98"}],"wp:attachment":[{"href":"https:\/\/kbb2025.org\/en\/wp-json\/wp\/v2\/media?parent=73"}],"curies":[{"name":"wp","href":"https:\/\/api.w.org\/{rel}","templated":true}]}}