{"id":71,"date":"2024-11-25T19:51:14","date_gmt":"2024-11-25T16:51:14","guid":{"rendered":"https:\/\/kbb2025.org\/?page_id=71"},"modified":"2025-10-21T13:17:10","modified_gmt":"2025-10-21T10:17:10","slug":"asistan-ve-uzman-destegi","status":"publish","type":"page","link":"https:\/\/kbb2025.org\/en\/asistan-ve-uzman-destegi\/","title":{"rendered":"Asistan ve Uzman Deste\u011fi"},"content":{"rendered":"<p>[et_pb_section fb_built=&#8221;1&#8243; fullwidth=&#8221;on&#8221; _builder_version=&#8221;4.17.4&#8243; _module_preset=&#8221;default&#8221; background_color=&#8221;#f5821f&#8221; global_colors_info=&#8221;{}&#8221;][et_pb_fullwidth_post_title meta=&#8221;off&#8221; featured_image=&#8221;off&#8221; _builder_version=&#8221;4.17.4&#8243; _module_preset=&#8221;default&#8221; title_font=&#8221;|700|||||||&#8221; title_text_color=&#8221;#000000&#8243; custom_margin=&#8221;||||false|false&#8221; custom_padding=&#8221;130px||10px||false|false&#8221; global_colors_info=&#8221;{}&#8221;][\/et_pb_fullwidth_post_title][\/et_pb_section][et_pb_section fb_built=&#8221;1&#8243; _builder_version=&#8221;4.17.4&#8243; _module_preset=&#8221;default&#8221; global_colors_info=&#8221;{}&#8221;][et_pb_row _builder_version=&#8221;4.17.4&#8243; _module_preset=&#8221;default&#8221; custom_padding=&#8221;63px|||||&#8221; global_colors_info=&#8221;{}&#8221;][et_pb_column type=&#8221;4_4&#8243; _builder_version=&#8221;4.17.4&#8243; _module_preset=&#8221;default&#8221; global_colors_info=&#8221;{}&#8221;][et_pb_text _builder_version=&#8221;4.17.4&#8243; _module_preset=&#8221;default&#8221; global_colors_info=&#8221;{}&#8221;]<\/p>\n<p><strong><span>46. T\u00fcrk Ulusal Kulak Burun Bo\u011faz ve Ba\u015f Boyun Cerrahisi Kongresi Asistan- Uzman Destek Ba\u015fvurular\u0131 A\u00e7\u0131kland\u0131 !<\/span><\/strong><\/p>\n<p>Listenin tam halini g\u00f6rmek i\u00e7in a\u015fa\u011f\u0131daki linke t\u0131klayarak ula\u015fabilirsiniz.<\/p>\n<p><a href=\"https:\/\/kbb.org.tr\/4\/duyurular\/14846\/46-turk-ulusal-kulak-burun-bogaz-ve-bas-boyun-cerrahisi-kongresi-asistan-uzman\">https:\/\/kbb.org.tr\/4\/duyurular\/14846\/46-turk-ulusal-kulak-burun-bogaz-ve-bas-boyun-cerrahisi-kongresi-asistan-uzman<\/a><\/p>\n<p>\u00a0<span style=\"color: #e02b20;\"><strong>Notlar<\/strong><\/span><\/p>\n<p><strong><em>Asistan ve Uzman Deste\u011fi alan hekimlerin kay\u0131t, \u00e7ift ki\u015filik oda da konaklama ve transferi KBB derne\u011fi taraf\u0131ndan kar\u015f\u0131lanacakt\u0131r. Transferinizin organize edilmesi i\u00e7in u\u00e7ak biletinizi ald\u0131\u011f\u0131n\u0131zda <a href=\"mailto:busra.seyis@devent.com.tr\">busra.seyis@devent.com.tr<\/a> adresine g\u00f6ndermenizi rica ederiz.<\/em><\/strong><br \/><strong><em><\/em><\/strong><\/p>\n<p><strong><em>Konaklama oteliniz ilerleyen g\u00fcnlerde web sitemizde ayr\u0131ca a\u00e7\u0131klanacakt\u0131r.<\/em><\/strong><\/p>\n<p>&nbsp;<\/p>\n<p><a href=\"https:\/\/www.abstractmodule.com\/2025kbb\/?plng=tur\" target=\"_blank\" rel=\"noopener\"><img loading=\"lazy\" decoding=\"async\" src=\"https:\/\/kbb2025.org\/wp-content\/uploads\/2025\/03\/online_bildiri_ozeti_sistemi_button_tr1.png\" width=\"129\" height=\"70\" alt=\"\" class=\"wp-image-166 alignnone size-full\" \/><\/a><\/p>\n<p>T\u00fcm bildiriler sadece online olarak kongre web sitesi (kbb2025.org) \u00fczerinden kabul edilecektir.<\/p>\n<p><span style=\"color: #ff0000;\"><strong>Bildiri g\u00f6nderimi \u00a01 Ekim 2025 tarihine kadar uzat\u0131lm\u0131\u015ft\u0131r. Bu tarih d\u0131\u015f\u0131nda herhangi bir uzatma\u00a0<\/strong><\/span><span style=\"color: #ff0000;\"><span style=\"caret-color: #ff0000;\"><b>yap\u0131lamayaca\u011f\u0131n\u0131 \u00f6nemle bilgilerinize sunar\u0131z.<\/b><\/span><\/span><\/p>\n<p>Bildiri g\u00f6nderimi esnas\u0131nda bildiri yaz\u0131m kurallar\u0131na uymayan bildiriler de\u011ferlendirilmeye al\u0131nmayacakt\u0131r.<\/p>\n<ul>\n<li>Bildirilerinizi online olarak kbb2025.org \u00a0sitesinden g\u00f6nderebilirsiniz.<\/li>\n<li>E-posta,fax ve di\u011fer yollarla g\u00f6nderilen bildiriler kabul edilmeyecektir.<\/li>\n<li>Online bildiri sistemi ile ad\u0131m ad\u0131m bildirinizin sisteme giri\u015fini yapabilirsiniz. Bildirinizi sisteme girebilmeniz i\u00e7in, E-posta adresinizden olu\u015fan bir kullan\u0131c\u0131 ad\u0131 ve \u015fifrenizi girerek sisteme kay\u0131t olmal\u0131 ve sonra sisteme giri\u015f yapmal\u0131s\u0131n\u0131z.<\/li>\n<li>Bildirilerin tercih edilen sunum \u015fekli, s\u00f6zl\u00fc veya poster olarak belirtilmelidir.<\/li>\n<li>Bildiri \u00f6zeti ba\u015fl\u0131\u011f\u0131 b\u00fcy\u00fck harflerle yaz\u0131lmal\u0131d\u0131r ve sonuna nokta konulmamal\u0131d\u0131r.<\/li>\n<li>Her t\u00fcrl\u00fc sunum ba\u015fvurusu en az 3 en fazla 5 kaynak ve anahtar kelime i\u00e7ermelidir.<\/li>\n<li><span style=\"font-size: 14px;\">Ara\u015ft\u0131rmac\u0131lar\u0131n isimleri, akademik \u00fcnvan kullan\u0131lmadan yaz\u0131lmal\u0131, \u00e7al\u0131\u015ft\u0131klar\u0131 kurumlar belirtilmeli ve bildiriyi sunacak ara\u015ft\u0131rmac\u0131n\u0131n ad\u0131n\u0131n alt\u0131 \u00e7izilmelidir.<\/span><\/li>\n<li>\u00d6zet paragraf aras\u0131 b\u0131rak\u0131lmadan, tek aral\u0131kl\u0131 ve ortalanm\u0131\u015f olarak yaz\u0131lmal\u0131d\u0131r.<\/li>\n<li>Bildiri \u00f6zetinin T\u00fcrk\u00e7esi Giri\u015f, Y\u00f6ntemler, Bulgular ve Sonu\u00e7 alt ba\u015fl\u0131klar\u0131 kullan\u0131larak yaz\u0131lmal\u0131d\u0131r.<\/li>\n<li>\u201cSonu\u00e7lar\u0131 toplant\u0131da sunulacakt\u0131r\u201d \u015feklinde belirsiz ifadeler kullan\u0131lmamal\u0131d\u0131r.<\/li>\n<li>Bildiri \u00f6zeti metninin karakter say\u0131s\u0131, ba\u015fl\u0131k, ara\u015ft\u0131r\u0131c\u0131 isimleri ve kurumlar\u0131 hari\u00e7 250 kelime\u2019den fazla olmamal\u0131d\u0131r.<\/li>\n<li>Bildiri \u00f6zetinde 2\u2019den fazla tablo veya \u015fekil kullan\u0131lmamal\u0131d\u0131r.<\/li>\n<li>\u00a0Sisteme giri\u015fi yap\u0131lan bildirilerin tamam\u0131n\u0131n kontrol edildikten sonra \u201cSonland\u0131rma\u201d i\u015fleminin mutlaka yap\u0131lmas\u0131 gerekmektedir. Aksi takdirde g\u00f6nderdi\u011finiz bildiri sistemde tamamlanmam\u0131\u015f olarak g\u00f6r\u00fcnecektir.<\/li>\n<li>Bildirinizi sonland\u0131rd\u0131ktan sonra sistem taraf\u0131ndan bildirinize atanan referans numaras\u0131n\u0131 ve sisteme giri\u015f yapt\u0131\u011f\u0131n\u0131z \u015fifrenizi unutmaman\u0131z\u0131 rica ederiz.<\/li>\n<li>Bildiri \u00f6zetlerinin son g\u00f6nderim tarihi 15 Eyl\u00fcl 2025\u2019dir. Bu tarihten sonra g\u00f6nderilen bildiri \u00f6zetleri kabul edilmeyecektir.<\/li>\n<li>G\u00f6nderilen bildiriler, ara\u015ft\u0131rmac\u0131lar\u0131n isim ve kurumlar\u0131 gizli tutularak Bildiri De\u011ferlendirme Kurulu taraf\u0131ndan 100 puan \u00fczerinden de\u011ferlendirilecek ve bu de\u011ferlendirme sonucuna g\u00f6re s\u00f6zl\u00fc veya poster sunum \u015feklinde kabul edilecektir.<\/li>\n<li>Bildiri sonu\u00e7lar\u0131, bildirilerin sunulaca\u011f\u0131 tarih ve numaralar\u0131 kongre web sitesinde ilan edilecek ve bildiri sahiplerine elektronik posta yoluyla bildirilecektir.<\/li>\n<li>Sisteme girilen bildiriler ile ilgili t\u00fcm yaz\u0131\u015fmalar, bildiriyi sisteme giren ki\u015fi ile yap\u0131lacakt\u0131r.<\/li>\n<li>Kabul edilen bildirinin kongrede sunulabilmesi i\u00e7in sunumu yapacak ara\u015ft\u0131r\u0131c\u0131n\u0131n kongre kayd\u0131n\u0131n yap\u0131lm\u0131\u015f olmas\u0131 gerekmektedir.<\/li>\n<li>B\u00fct\u00fcn bildiri g\u00f6nderimlerinde etik kurulunun onay\u0131n\u0131n al\u0131nmas\u0131 gerekmektedir.\u00a0<\/li>\n<li>Kabul edilen t\u00fcm bildiriler, Dijital Bildiri \u00d6zet Kitab\u0131\u2019nda yer alacakt\u0131r ve kabul edilen ve sunulmayan bildiriler Dijital Bildiri \u00d6zet Kitab\u0131nda yer almayacakt\u0131r.<\/li>\n<\/ul>\n<p>&nbsp;<\/p>\n<p><strong>B\u0130LD\u0130R\u0130 KAB\u00dcL\u00dcNDE YAPAY ZEKA \u0130LE \u0130LG\u0130L\u0130 B\u0130LG\u0130LEND\u0130RME<\/strong><\/p>\n<p>46.T\u00fcrk Kulak Burun Bo\u011faz, Ba\u015f ve Boyun Cerrahisi Ulusal Kongresi, bilimsel d\u00fcr\u00fcstl\u00fck ve \u015feffafl\u0131\u011f\u0131 desteklemektedir. K\u00fcresel etik standartlara (ICMJE, COPE, WAME, EASE) uygun olarak, yazarlar\u0131n \u00f6zetleri, s\u00f6zl\u00fc sunumlar\u0131 veya tam metin makalelerinin haz\u0131rlanmas\u0131nda yapay zeka (YZ) ara\u00e7lar\u0131n\u0131n kullan\u0131m\u0131n\u0131 a\u00e7\u0131k\u00e7a beyan etmelerini talep ediyoruz.<\/p>\n<p>\u0130zin Verilen Kullan\u0131m: Yazarlar, dil d\u00fczenleme, gramer d\u00fczeltme veya bi\u00e7imlendirme yard\u0131m\u0131 i\u00e7in YZ tabanl\u0131 ara\u00e7lar\u0131 kullanabilirler.<\/p>\n<p>Yasaklanm\u0131\u015f Kullan\u0131m: Uygun insan denetimi, ele\u015ftirel inceleme veya a\u00e7\u0131klama olmaks\u0131z\u0131n, b\u00fcy\u00fck \u00f6l\u00e7\u00fcde veya tamamen YZ taraf\u0131ndan \u00fcretilen i\u00e7eri\u011fin sunulmas\u0131 etik d\u0131\u015f\u0131 kabul edilir ve reddedilmeye neden olabilir.<\/p>\n<p>A\u00e7\u0131klama Gereklili\u011fi: \u0130\u00e7erik olu\u015fturma veya d\u00fczenleme s\u0131ras\u0131nda YZ ara\u00e7lar\u0131 (\u00f6r. ChatGPT, Grammarly vb.) kullan\u0131lm\u0131\u015fsa, bu durum \u00f6zetin veya makalenin sonunda k\u0131sa bir a\u00e7\u0131klama ile belirtilmelidir (\u00f6r. \u201cBu \u00f6zet, yaln\u0131zca dil d\u00fczeltme amac\u0131yla ChatGPT kullan\u0131larak d\u00fczenlenmi\u015ftir.\u201d).<\/p>\n<p>Yazarl\u0131k: YZ ara\u00e7lar\u0131 yazar olarak g\u00f6sterilemez ve ortak yazar veya katk\u0131da bulunanlar olarak listelenmemelidir.<strong><\/strong><\/p>\n<p>&nbsp;<\/p>\n<p><strong><\/strong><\/p>\n<p><strong>S\u00d6ZL\u00dc B\u0130LD\u0130R\u0130LER<\/strong><br \/>Bildiri De\u011ferlendirme Kurulu taraf\u0131ndan belirlenecek en iyi bildiriler kongre bilimsel program\u0131nda belirtilecek takvime g\u00f6re belirlenen zaman diliminde s\u00f6zl\u00fc olarak sunulacakt\u0131r. Bildiri sahiplerine sunum ile ilgili detayl\u0131 bilgiler bildiriler se\u00e7ildikten sonra iletilecektir.<\/p>\n<p><strong>POSTER B\u0130LD\u0130R\u0130LER<\/strong><br \/>Bildiri De\u011ferlendirme Kurulu taraf\u0131ndan belirlenecek poster bildiriler kongrede e-poster alan\u0131nda sergilenecektir.<\/p>\n<p><strong>A\u015fa\u011f\u0131daki \u0130lgi Alanlar\u0131ndaki Bildiriler Kabul Edilecektir.<\/strong><\/p>\n<ul>\n<li>Klinik Otoloji<\/li>\n<li>Deneysel Otoloji<\/li>\n<li>Klinik Rinoloji<\/li>\n<li>Deneysel Rinoloji<\/li>\n<li>Klinik Ba\u015f Boyun Cerrahisi<\/li>\n<li>Deneysel Ba\u015f Boyun Cerrahisi<\/li>\n<li>Larengoloji-Foniyatri<\/li>\n<li>Pediatrik Otolarengoloji<\/li>\n<li>Fasiyal Plastik Cerrahi<\/li>\n<li>Uyku Bozukluklar\u0131<\/li>\n<li>Kaliteli \u0130yile\u015ftirme ve Hasta G\u00fcvenli\u011fi<\/li>\n<li>Genel KBB<\/li>\n<li>KBB E\u011fitimi<\/li>\n<\/ul>\n<p><strong><\/strong><\/p>\n<p><strong>Bildirilerinizdeki iptal ve de\u011fi\u015fiklik talepleri i\u00e7in;\u00a0<\/strong><\/p>\n<ul>\n<li>Minduce Bilgi \u0130leti\u015fim Teknolojileri Ltd.<br \/>E-posta:\u00a0<a href=\"mailto:support@abstractModule.com\">support@abstractModule.com<\/a><br \/>Online sistem \u00fczerinden destek talebi de olu\u015fturabilirsiniz.<\/li>\n<li><strong>\u00d6nemli Not:\u00a0<\/strong>\u00d6zet son g\u00f6nderim tarihine kadar bilimsel kurula g\u00f6nderilen \u00f6zetinizde g\u00fcncelleme yapmak isterseniz destek adreslerimizden (<a href=\"mailto:support@abstractModule.com\">support@abstractModule.com<\/a>) bize ula\u015fabilirsiniz. \u0130lgili talebiniz sonras\u0131 \u00f6zetinizin stat\u00fcs\u00fc bir \u00f6nceki ad\u0131ma getirilecektir.<\/li>\n<\/ul>\n<p>&nbsp;<\/p>\n<p>&nbsp;<\/p>\n<p>[\/et_pb_text][\/et_pb_column][\/et_pb_row][\/et_pb_section]<\/p>\n","protected":false},"excerpt":{"rendered":"<p>46. T\u00fcrk Ulusal Kulak Burun Bo\u011faz ve Ba\u015f Boyun Cerrahisi Kongresi Asistan- Uzman Destek Ba\u015fvurular\u0131 A\u00e7\u0131kland\u0131 ! Listenin tam halini g\u00f6rmek i\u00e7in a\u015fa\u011f\u0131daki linke t\u0131klayarak ula\u015fabilirsiniz. https:\/\/kbb.org.tr\/4\/duyurular\/14846\/46-turk-ulusal-kulak-burun-bogaz-ve-bas-boyun-cerrahisi-kongresi-asistan-uzman \u00a0Notlar Asistan ve Uzman Deste\u011fi alan hekimlerin kay\u0131t, \u00e7ift ki\u015filik oda da konaklama ve transferi KBB derne\u011fi taraf\u0131ndan kar\u015f\u0131lanacakt\u0131r. Transferinizin organize edilmesi i\u00e7in u\u00e7ak biletinizi ald\u0131\u011f\u0131n\u0131zda busra.seyis@devent.com.tr adresine [&hellip;]<\/p>\n","protected":false},"author":1,"featured_media":0,"parent":0,"menu_order":0,"comment_status":"closed","ping_status":"closed","template":"","meta":{"_et_pb_use_builder":"on","_et_pb_old_content":"","_et_gb_content_width":"","footnotes":""},"class_list":["post-71","page","type-page","status-publish","hentry"],"_links":{"self":[{"href":"https:\/\/kbb2025.org\/en\/wp-json\/wp\/v2\/pages\/71","targetHints":{"allow":["GET"]}}],"collection":[{"href":"https:\/\/kbb2025.org\/en\/wp-json\/wp\/v2\/pages"}],"about":[{"href":"https:\/\/kbb2025.org\/en\/wp-json\/wp\/v2\/types\/page"}],"author":[{"embeddable":true,"href":"https:\/\/kbb2025.org\/en\/wp-json\/wp\/v2\/users\/1"}],"replies":[{"embeddable":true,"href":"https:\/\/kbb2025.org\/en\/wp-json\/wp\/v2\/comments?post=71"}],"version-history":[{"count":24,"href":"https:\/\/kbb2025.org\/en\/wp-json\/wp\/v2\/pages\/71\/revisions"}],"predecessor-version":[{"id":901,"href":"https:\/\/kbb2025.org\/en\/wp-json\/wp\/v2\/pages\/71\/revisions\/901"}],"wp:attachment":[{"href":"https:\/\/kbb2025.org\/en\/wp-json\/wp\/v2\/media?parent=71"}],"curies":[{"name":"wp","href":"https:\/\/api.w.org\/{rel}","templated":true}]}}