{"id":60,"date":"2024-11-25T19:47:12","date_gmt":"2024-11-25T16:47:12","guid":{"rendered":"https:\/\/kbb2025.org\/?page_id=60"},"modified":"2025-02-04T11:02:18","modified_gmt":"2025-02-04T08:02:18","slug":"davet","status":"publish","type":"page","link":"https:\/\/kbb2025.org\/en\/davet\/","title":{"rendered":"Invitation"},"content":{"rendered":"<p>[et_pb_section fb_built=&#8221;1&#8243; fullwidth=&#8221;on&#8221; _builder_version=&#8221;4.17.4&#8243; _module_preset=&#8221;default&#8221; background_color=&#8221;#f5821f&#8221; global_colors_info=&#8221;{}&#8221;][et_pb_fullwidth_post_title meta=&#8221;off&#8221; featured_image=&#8221;off&#8221; _builder_version=&#8221;4.17.4&#8243; _module_preset=&#8221;default&#8221; title_font=&#8221;|700|||||||&#8221; title_text_color=&#8221;#000000&#8243; custom_margin=&#8221;||||false|false&#8221; custom_padding=&#8221;130px||10px||false|false&#8221; global_colors_info=&#8221;{}&#8221;][\/et_pb_fullwidth_post_title][\/et_pb_section][et_pb_section fb_built=&#8221;1&#8243; _builder_version=&#8221;4.17.4&#8243; _module_preset=&#8221;default&#8221; global_colors_info=&#8221;{}&#8221;][et_pb_row _builder_version=&#8221;4.17.4&#8243; _module_preset=&#8221;default&#8221; global_colors_info=&#8221;{}&#8221;][et_pb_column type=&#8221;4_4&#8243; _builder_version=&#8221;4.17.4&#8243; _module_preset=&#8221;default&#8221; global_colors_info=&#8221;{}&#8221;][et_pb_text _builder_version=&#8221;4.17.4&#8243; _module_preset=&#8221;default&#8221; hover_enabled=&#8221;0&#8243; global_colors_info=&#8221;{}&#8221; sticky_enabled=&#8221;0&#8243;]<\/p>\n<p style=\"text-align: justify;\">Sayg\u0131de\u011fer Meslekta\u015flar\u0131m\u0131z,<\/p>\n<p>En geni\u015f kat\u0131l\u0131ml\u0131 ulusal kongremiz olan 46.T\u00fcrk Ulusal Kulak Burun Bo\u011faz ve Ba\u015f Boyun Cerrahisi Kongresini d\u00fczenlemek \u00fczere Tu\u0308rk Kulak Burun Bog\u0306az ve Bas\u0327 Boyun Cerrahisi Derneg\u0306imiz taraf\u0131ndan g\u00f6revlendirilmi\u015f bulunuyoruz. \u00dczerimizdeki y\u00fcksek sorumlulu\u011fun bilinci ile 45.T\u00fcrk Ulusal Kulak Burun Bo\u011faz ve Ba\u015f Boyun Cerrahisi Kongresi tamamland\u0131ktan hemen sonra gerekli \u00e7al\u0131\u015fmalara ba\u015flad\u0131k.<\/p>\n<p style=\"text-align: justify;\">46. T\u00fcrk Ulusal Kulak Burun Bo\u011faz ve Ba\u015f Boyun Cerrahisi Kongremizi 5-9 Kas\u0131m 2025 tarihlerinde d\u00fcnyan\u0131n en g\u00fczel sahillerinden biri olan KKTC Bafra b\u00f6lgesinde yapaca\u011f\u0131z. \u00d6nceki kongrelerimizdeki tecr\u00fcbeler ile sa\u011flanan d\u00fczene ilaveten be\u011fenilece\u011fini d\u00fc\u015f\u00fcnd\u00fc\u011f\u00fcm\u00fcz ilave programlar\u0131 da ger\u00e7ekle\u015ftirmek niyetindeyiz. Kongre otelimiz Limak Otel olup, ikinci otelimiz sadece bir tel \u00f6rg\u00fc ile ayr\u0131lm\u0131\u015f ve bir kap\u0131 ile ge\u00e7i\u015f sa\u011flanan kom\u015fu Kaya Artemis Oteli olacakt\u0131r. Her iki otel de KKTC\u2019nin en g\u00fczel otellerindendir.<\/p>\n<p style=\"text-align: justify;\">En son bilgileri, \u00e7al\u0131\u015fmalar\u0131 ve yeni fikirleri sizlerle bulu\u015fturmak amac\u0131yla kapsaml\u0131 bir program haz\u0131rl\u0131yoruz. Bilgiye ula\u015fman\u0131n \u00e7ok kolayla\u015ft\u0131\u011f\u0131 g\u00fcn\u00fcm\u00fczde hangi uygulaman\u0131n nas\u0131l ve ne zaman yap\u0131lmas\u0131 gerekti\u011fini ancak konu hakk\u0131nda y\u00fcksek tecr\u00fcbeli uzmanlar\u0131 dinlemekle sahip olabiliriz. Bran\u015f\u0131m\u0131zda s\u00f6z sahibi ve deneyimli hocalar\u0131m\u0131zla birlikte, ke\u015ffedece\u011fimiz y\u0131ld\u0131z meslekta\u015flar\u0131m\u0131zdan, g\u00fcncel bilgi ve yakla\u015f\u0131mlar\u0131 konferans, panel, kurs, nas\u0131l yap\u0131yorum format\u0131nda video sunumlar\u0131, s\u00f6zel veya e-poster sunum olarak \u00f6\u011frenme f\u0131rsat\u0131 kazanaca\u011f\u0131z. Sunum sonras\u0131nda konular\u0131n daha anla\u015f\u0131l\u0131r hale gelmesi i\u00e7in katk\u0131lara ve sorulara yeterince bir zaman da ayr\u0131lacakt\u0131r. Yak\u0131n ve uzak co\u011frafyalardaki se\u00e7kin misafir konu\u015fmac\u0131lar ile kongremizi zenginle\u015ftirece\u011fiz.<\/p>\n<p style=\"text-align: justify;\">Teknik uyumsuzluk ve engeller ile kar\u015f\u0131la\u015fmaz isek canl\u0131 cerrahi naklen yay\u0131n oturumlar\u0131 yapmak istiyoruz. Her bir alt bran\u015f\u0131m\u0131zla ilgili \u201cTan\u0131sal ve Cerrahi \u0130nnovatif Teknikler\u201d ba\u015fl\u0131\u011f\u0131 ile te\u015fhis ve\/veya tedavide kolayl\u0131k sa\u011flayan metotlar\u0131 olan meslekta\u015flar\u0131m\u0131zdan 5 dakikal\u0131k sunumlar yapmalar\u0131n\u0131 bekliyoruz. Son 3 y\u0131lda en az 3 hafta s\u00fcreyle yurtd\u0131\u015f\u0131nda sayg\u0131n bir KBB merkezini ziyaret etmi\u015f \u00f6\u011fretim \u00fcyesi ve asistan meslekta\u015flar\u0131m\u0131zdan bu deneyimlerini 6 dakikal\u0131k sunumlarla anlatmas\u0131n\u0131 isteyece\u011fiz. Bu sunumlar \u00f6n\u00fcm\u00fczdeki y\u0131llarda benzeri ziyaretleri yapmak isteyen meslekta\u015flar\u0131m\u0131z i\u00e7in b\u00fcy\u00fck kolayl\u0131klar sa\u011flayacakt\u0131r.<\/p>\n<p style=\"text-align: justify;\">Son kongremizde i\u015flenen ve yo\u011fun ilgi toplayan hukuk, malpraktis, KBB e\u011fitimi konular\u0131na ilaveten asistan hekimlerin her t\u00fcrl\u00fc sorunlar\u0131n\u0131n tart\u0131\u015f\u0131laca\u011f\u0131 bir panel de planlanacakt\u0131r.<\/p>\n<p style=\"text-align: justify;\">S\u00f6zel sunumlar konusunda b\u00fcy\u00fck emeklerle ortaya \u00e7\u0131kar\u0131lan orijinal \u00e7al\u0131\u015fmalar\u0131m\u0131za akademik tart\u0131\u015fma eklemek amac\u0131yla sunumlara katk\u0131 sa\u011flam\u0131\u015f olan \u00f6\u011fretim \u00fcyelerinin en az birinin salonda bulunmas\u0131 zorunlulu\u011funu getirece\u011fiz. Bildiri komitesinin de\u011ferlendirmesi ile uygun bulunan se\u00e7ilmi\u015f \u00e7al\u0131\u015fmalar\u0131n daha \u00e7ok say\u0131da meslekta\u015flar\u0131m\u0131z taraf\u0131ndan dinlenmesi amac\u0131yla daha uygun bir saatte sunulmas\u0131n\u0131 sa\u011flayaca\u011f\u0131z. \u00d6nceki kongremizdeki gibi \u00e7e\u015fitli konularda yap\u0131lm\u0131\u015f \u00e7al\u0131\u015fmalara ba\u015far\u0131 \u00f6d\u00fclleri verilecektir<\/p>\n<p style=\"text-align: justify;\">Kongre konu\u015fmac\u0131lar\u0131n\u0131n en do\u011fru bir \u015fekilde belirlenebilmesi ve konu\u015fmac\u0131 potansiyeline sahip yeni isimlerin sahneye \u00e7\u0131kma imk\u00e2n\u0131 bulabilmesi i\u00e7in haz\u0131rlanacak bir formun doldurularak bizlere g\u00f6nderilmesi \u00f6nem arz etmektedir. Anabilim dallar\u0131, e\u011fitim klinikleri, alt bran\u015f dernekleri, b\u00f6lgesel dernekler, KBB okullar\u0131 ve bireysel konu\u015fmac\u0131 talep formlar\u0131 dikkate al\u0131narak geni\u015f bir kat\u0131l\u0131m ile konu\u015fmac\u0131lar ve konular\u0131, olabildi\u011fince erken belirlenerek kongre program\u0131 haz\u0131rlanacakt\u0131r.<\/p>\n<p style=\"text-align: justify;\">Kongremizin daha verimli ve daha g\u00fczel ge\u00e7mesi i\u00e7in akl\u0131n\u0131za gelen her t\u00fcrl\u00fc fikir ve \u00f6nerileri bizlere bildirmenizi rica ederiz. B\u00f6ylece \u201c<strong><em>Hep Birlikte, Payla\u015fmak G\u00fczeldir<\/em><\/strong>\u201d mottosu ile K\u0131br\u0131s\u2019\u0131n en g\u00fczel mevsiminde ve harika bir ortamda ulusal kongremizde bulu\u015fmak dile\u011fi ile\u2026<\/p>\n<p style=\"text-align: justify;\">L\u00fctfen 46. T\u00fcrk Ulusal KBB-BBC Kongremiz hakk\u0131ndaki geli\u015fmeleri takip ediniz.<\/p>\n<p style=\"text-align: justify;\">46. UKOK ad\u0131na;<\/p>\n<p>Prof. Dr. Orhan \u00d6ZTURAN<br \/>Kongre Ba\u015fkan\u0131<\/p>\n<p>[\/et_pb_text][\/et_pb_column][\/et_pb_row][\/et_pb_section]<\/p>\n","protected":false},"excerpt":{"rendered":"<p>Sayg\u0131de\u011fer Meslekta\u015flar\u0131m\u0131z, En geni\u015f kat\u0131l\u0131ml\u0131 ulusal kongremiz olan 46.T\u00fcrk Ulusal Kulak Burun Bo\u011faz ve Ba\u015f Boyun Cerrahisi Kongresini d\u00fczenlemek \u00fczere Tu\u0308rk Kulak Burun Bog\u0306az ve Bas\u0327 Boyun Cerrahisi Derneg\u0306imiz taraf\u0131ndan g\u00f6revlendirilmi\u015f bulunuyoruz. \u00dczerimizdeki y\u00fcksek sorumlulu\u011fun bilinci ile 45.T\u00fcrk Ulusal Kulak Burun Bo\u011faz ve Ba\u015f Boyun Cerrahisi Kongresi tamamland\u0131ktan hemen sonra gerekli \u00e7al\u0131\u015fmalara ba\u015flad\u0131k. 46. T\u00fcrk [&hellip;]<\/p>\n","protected":false},"author":1,"featured_media":0,"parent":0,"menu_order":0,"comment_status":"closed","ping_status":"closed","template":"","meta":{"_et_pb_use_builder":"on","_et_pb_old_content":"","_et_gb_content_width":"","footnotes":""},"class_list":["post-60","page","type-page","status-publish","hentry"],"_links":{"self":[{"href":"https:\/\/kbb2025.org\/en\/wp-json\/wp\/v2\/pages\/60","targetHints":{"allow":["GET"]}}],"collection":[{"href":"https:\/\/kbb2025.org\/en\/wp-json\/wp\/v2\/pages"}],"about":[{"href":"https:\/\/kbb2025.org\/en\/wp-json\/wp\/v2\/types\/page"}],"author":[{"embeddable":true,"href":"https:\/\/kbb2025.org\/en\/wp-json\/wp\/v2\/users\/1"}],"replies":[{"embeddable":true,"href":"https:\/\/kbb2025.org\/en\/wp-json\/wp\/v2\/comments?post=60"}],"version-history":[{"count":4,"href":"https:\/\/kbb2025.org\/en\/wp-json\/wp\/v2\/pages\/60\/revisions"}],"predecessor-version":[{"id":160,"href":"https:\/\/kbb2025.org\/en\/wp-json\/wp\/v2\/pages\/60\/revisions\/160"}],"wp:attachment":[{"href":"https:\/\/kbb2025.org\/en\/wp-json\/wp\/v2\/media?parent=60"}],"curies":[{"name":"wp","href":"https:\/\/api.w.org\/{rel}","templated":true}]}}